{"version":"1.0","provider_name":"K\u00f6t\u00e9lt\u00e1nc","provider_url":"https:\/\/koteltanc.cafeblog.hu","author_name":"Philly","author_url":"https:\/\/koteltanc.cafeblog.hu\/author\/philly\/","title":"32 \u00e9ves, \u00e9letvid\u00e1m n\u0151 volt... seg\u00edts\u00e9g helyett a hal\u00e1lt v\u00e1lasztotta","html":"<p style=\"padding-left: 30px\"><img class=\"aligncenter size-large wp-image-509\" src=\"https:\/\/koteltanc.cafeblog.hu\/files\/2017\/06\/portrait-1958692_640-424x600.jpg\" alt=\"\" width=\"424\" height=\"600\" \/><\/p>\r\n<p style=\"padding-left: 30px\"><strong>Nagyon zaklatott vagyok. <\/strong><\/p>\r\n<p style=\"padding-left: 30px\"><strong>Ma reggel a metr\u00f3 fel\u00e9 menet t\u0171zolt\u00f3aut\u00f3t l\u00e1ttunk az utc\u00e1ban, h\u00e1t, ment\u00fcnk a Kicsivel b\u00e1m\u00e9szkodni. Am\u00fagy is l\u00e1zba j\u00f6n minden egyenruh\u00e1st\u00f3l (igen, a zannya is lelkesen mosolyog r\u00e1juk, szuperh\u0151s\u00f6kre), meg nem is l\u00e1ttunk kor\u00e1bban ilyen l\u00e9tr\u00e1s ment\u00e9st, \u00fagyhogy ir\u00e1nyt vett\u00fcnk a pletykaforr\u00e1s fel\u00e9.\u00a0F\u00fcst\u00f6t, ment\u0151t nem l\u00e1ttunk, szir\u00e9n\u00e1t nem hallottunk, gondoltam, tal\u00e1n csak valami k\u00f6nny\u0171 eset lehet. B\u00e1r, oda se mentem volna...<\/strong><\/p>\r\n<p style=\"padding-left: 30px\">- <em>Ne haragudjon, mi t\u00f6rt\u00e9nt?<\/em> - k\u00e9rdezem meg a l\u00e1t\u00e1sb\u00f3l ismer\u0151s h\u00f6lgyet, akivel olykor egyszerre \u00e9r\u00fcnk a p\u00e9khez, vagy a kisboltba. <br \/>- <em><strong>Kiugrott egy kish\u00f6lgy az ablakon. A negyedikr\u0151l. Most n\u00e9zik, hogy van-e bent m\u00e9g valaki. De azt mondj\u00e1k, egyed\u00fcl \u00e9lt. Harminck\u00e9t \u00e9ves volt. \u00c9n nem is \u00e9rtem. \u00c9n nem ismertem igaz\u00e1n, de l\u00e1ttam p\u00e1rszor. Olyan kis vid\u00e1m term\u00e9szet\u0171 volt. Olyan mosolyg\u00f3s, mint maga<\/strong>.<\/em> - A h\u00f6lgy a kez\u00e9t t\u00f6rdeli k\u00e9ts\u00e9gbeesetten, \u00e9n meg teljesen letagl\u00f3zva hallgatom. Hideg zuhany, forr\u00f3 f\u00fcrd\u0151, borzongok, \u00e9s \u00e9rzem, t\u0171zpiros a fejem, a sz\u00e1m h\u00f3feh\u00e9r lehet, rosszul vagyok...<br \/><br \/>- <em>Anya, anya, megy\u00fcnk..? Leeresztik a l\u00e9tr\u00e1t, m\u00e1r kij\u00f6tt a t\u0171zolt\u00f3t, megy tov\u00e1bb a t\u0171zaut\u00f3, a t\u0171\u0171\u0171z olt\u00f3\u00f3\u00f3 aaauuut\u00f3.<\/em> - sz\u00f3tagolja gondosan a Kicsi, \u00e9s b\u00fcszke r\u00e1, hogy egyed\u00fcl \u00e9szrevette, hogy els\u0151re nem j\u00f3l mondta. - <br \/>- <em>Anya, te t\u00e9nyleg mosolyg\u00f3s vagy, de kir\u0151l besz\u00e9lt a n\u00e9ni?<\/em> <br \/>- <em>Nem tudom, kicsim, menj\u00fcnk tov\u00e1bb, n\u00e9zd csak, itt ki tudjuk ker\u00fclni a t\u00f6meget. \u00a0<\/em><br \/><strong>Borzadva n\u00e9zek a halottas kocsira, a rend\u0151r\u00f6k cs\u00fcggedten k\u00e1v\u00e9znak, a t\u0171zolt\u00f3k dolguk v\u00e9gezt\u00e9vel szedel\u0151zk\u00f6dnek. A lak\u00e1s \u00fcres volt. Nincs benne senki. Benne \u00e9lt egy 32 \u00e9ves, mosolyg\u00f3s n\u0151. \u00a0\u00c9pp mint \u00e9n. 32 \u00e9ves, vid\u00e1m, m\u00e9gis bel\u00fcl cs\u00fcggedt \u00e9s bizonyos napokon rem\u00e9nyvesztett.\u00a0<\/strong><br \/><br \/><br \/><img class=\"aligncenter size-large wp-image-507\" src=\"https:\/\/koteltanc.cafeblog.hu\/files\/2017\/06\/mystical-2320675_640-600x399.jpg\" alt=\"\" width=\"600\" height=\"399\" \/><\/p>\r\n<p style=\"padding-left: 30px\"><strong>Vajon... vajon honnan fogj\u00e1k tudni a bar\u00e1tai hogy mi t\u00f6rt\u00e9nt... ? Vajon k\u00f6zel \u00e9ltek hozz\u00e1 a sz\u00fclei? Ki fogja eltemettetni ? Vajon a facebook cimbik megosztj\u00e1k, megsiratj\u00e1k sz\u00edvecsk\u00e9s \u00e9s k\u00f6nnyez\u0151 emojikkal? Vajon mi\u00e9rt tette? Ki lesz ott a temet\u00e9s\u00e9n? Vajon akart gyereket? Volt valaha igaz\u00e1n szerelmes? Vajon mir\u0151l besz\u00e9lgetett utolj\u00e1ra \u00e9s kivel? Vajon mondta neki f\u00e9lig viccesen, hogy mire k\u00e9sz\u00fcl? \u00c1ll\u00edt\u00f3lag mindig mondj\u00e1k...<\/strong> <br \/><br \/>\u00c9n, tudod, egyszer, mikor m\u00e1r hossz\u00fa ideje mocskosul neh\u00e9z volt,<a href=\"https:\/\/koteltanc.cafeblog.hu\/2017\/05\/20\/koszonom-baratnom\/\" target=\"_blank\" rel=\"noopener noreferrer\"> po\u00e9nkodva megeml\u00edtettem D. bar\u00e1tn\u0151mnek<\/a>, hogy nem v\u00e9letlen, hogy mindig leh\u00fazott red\u0151nyn\u00e9l alszom. \u00cdgy ha r\u00e1m is j\u00f6nne a k\u00eds\u00e9rt\u00e9s, hogy ugorjak egy k\u00f6v\u00e9r szalt\u00f3t a harmadikr\u00f3l, legal\u00e1bb am\u00edg felh\u00fazn\u00e1m a red\u0151nyt, lenne id\u0151m gondolkodni. \u00c9n <strong>nevettem f\u00e9lsz\u00e1jjal, groteszk grimasszal a morbid viccen. \u0150 nem tal\u00e1lta humorosnak, megijedt \u00e9s befizetett egy pszichol\u00f3gushoz, aki azt\u00e1n rendbe hozott a Kicsi apja ut\u00e1ni szak\u00edt\u00e1sb\u00f3l. Az\u00f3ta sem tudok el\u00e9g h\u00e1l\u00e1s lenni<\/strong>, hogy felismerte, \u00e9s hogy megtette amit tudott, \u00e9s nem csak r\u00f6h\u00f6g\u00f6tt k\u00ednj\u00e1ban, vagy sz\u00e9tt\u00e1rta kezeit, mondv\u00e1n, nagyl\u00e1ny vagyok, hanem egy k\u00e9pzett seg\u00edt\u0151 kez\u00e9be tette a lelkem.\u00a0<br \/><br \/><br \/><img class=\"aligncenter size-large wp-image-514\" src=\"https:\/\/koteltanc.cafeblog.hu\/files\/2017\/06\/woman-2244655_640-600x429.jpg\" alt=\"\" width=\"600\" height=\"429\" \/><br \/><br \/>Megmentett vele. Nem tettem volna meg a \"szalt\u00f3t\", tudom, els\u0151sorban a Kicsi miatt nem. De <strong>nem tudtam volna egyed\u00fcl kir\u00e1ngatni magamat a hajamn\u00e1l fogva a g\u00f6d\u00f6rb\u0151l. Vajon r\u00e1, a 32 \u00e9ves, \u00e9letvid\u00e1m l\u00e1nyra mi\u00e9rt nem figyeltek?<\/strong> Vajon csak p\u00e1r italra h\u00edvt\u00e1k meg laz\u00edt\u00e1sk\u00e9nt, vagy m\u00e9g annyira sem? Vagy beteg volt? Egyed\u00fcl, mag\u00e1nyosan csak \u00e1llat akar \u00e9s tud gy\u00f3gyulni... Nek\u00fcnk, ha betegek vagyunk, kell az \u00e9rint\u00e9s, a szeretet, a k\u00f6zels\u00e9g, hogy abban a kiszolg\u00e1ltatott \u00e1llapotban v\u00e9gre jogunk legyen kimondani mindent, amit eg\u00e9szs\u00e9gesen titkoln\u00e1nk, sz\u00e9gyelln\u00e9nk, ut\u00e1ln\u00e1nk... <strong>32 \u00e9ves volt, mint \u00e9n. \u00c9s \u00e9letvid\u00e1m, mint \u00e9n. \u00c9s egyed\u00fcl volt. \u00c9n nem vagyok eg\u00e9szen egyed\u00fcl, csak n\u00e9ha odabent. Akkor nagyon, de most m\u00e1r el\u00e9g edzett vagyok hozz\u00e1, hogy kir\u00e1ngassam magam a mocs\u00e1rb\u00f3l.<\/strong> Tal\u00e1n m\u00e9g fut\u00f3homokb\u00f3l is.\u00a0<br \/><br \/><br \/><img class=\"aligncenter size-large wp-image-513\" src=\"https:\/\/koteltanc.cafeblog.hu\/files\/2017\/06\/woman-1660874_640-413x600.jpg\" alt=\"\" width=\"413\" height=\"600\" \/><\/p>\r\n<p style=\"padding-left: 30px\">G\u00e9piesen haladtunk tov\u00e1bb <strong>a metr\u00f3 fel\u00e9, a bej\u00e1ratn\u00e1l cs\u00f6vesek \u00e9bredeztek mocskos matracukon<\/strong>, p\u00fcffedt, pi\u00e1t\u00f3l szederjes arc\u00e1t \u00f6sszed\u00f6rg\u00f6lte egy f\u00e9rfi \u00e9s egy n\u0151 a k\u00e9tliteres koccint\u00f3st \u00e9s egym\u00e1st markol\u00e1szva. Ijeszt\u0151 kontraszt. \u0150k nem lesznek \u00f6ngyilkosok. Nincsenek egyed\u00fcl. M\u00e9g \u0151k sem. <strong>Se gondjuk, se j\u00f6v\u0151j\u00fck, se p\u00e9nz\u00fck, se vesztes\u00e9g\u00fck. A mai napjuk van biztosan, \u00e9s a m\u00e1sik keze, meg a koccint\u00f3s. De legal\u00e1bb erk\u00e9ly\u00fck sincs, ahonnan kiugorhatn\u00e1nak.<\/strong> Ez valahol megnyugtat\u00f3 lehet. Nem tudom.<\/p>\r\n<p style=\"padding-left: 30px\">M\u00e9rgesen, zavarodottan, <strong>szomor\u00faan, cs\u00fcggedten - \u00e9s v\u00e9gtelen\u00fcl fegyelmezetten viszem tov\u00e1bb a Kicsit<\/strong> az ovi fel\u00e9. Gondoskodom a v\u00e1lt\u00f3ruh\u00e1kr\u00f3l, a k\u00e9zmos\u00e1s\u00e1r\u00f3l, szeretettel \u00e9s figyelemmel k\u00f6sz\u00f6n\u00f6k el t\u0151le. \u00c9s alig v\u00e1rom, hogy legal\u00e1bb a kertbe ki\u00e9rjek, \u00e9s egy bokor fel\u00e9 f\u00e9lrefordulva, mintha csak az allergia cs\u00edpn\u00e9 a szemem, s\u00edrjak egy kicsit... d\u00f6rg\u00f6l\u00f6m a szemem, f\u00fajom az orrom, k\u00f6sz\u00f6ngetek az ismer\u0151s sz\u00fcl\u0151knek, \u00e9s pr\u00f3b\u00e1lom \u00f6sszeszedni magam.\u00a0<br \/><br \/><img class=\"aligncenter size-large wp-image-504\" src=\"https:\/\/koteltanc.cafeblog.hu\/files\/2017\/06\/fashion-2333301_640-600x408.jpg\" alt=\"\" width=\"600\" height=\"408\" \/><\/p>\r\n<p style=\"padding-left: 30px\"><strong>A nap folyam\u00e1n jelen id\u0151ben tart a munka, a feladatok, a koll\u00e9g\u00e1k, a h\u00e9tv\u00e9gi besz\u00e1mol\u00f3k... D\u00e9lut\u00e1n rollerezni megy\u00fcnk a Kicsivel, \u00e9s mes\u00e9l, csacsog a napj\u00e1r\u00f3l,<\/strong> a ma szerzett bibikr\u0151l, \u00e9s a k\u00f6zelg\u0151 \u00e9vz\u00e1r\u00f3r\u00f3l, \u00e9s b\u00fcszk\u00e9n mes\u00e9li, hogy mindent megevett eb\u00e9dn\u00e9l, \u00e9s ekkora lett a pocakja, ni, \u00e9ppen, mint egy nagy dob, \u00e9s milyen j\u00f3, hogy \u00edgy siettem \u00e9rte, \u00e9s v\u00e9gre egy\u00fctt lehet\u00fcnk. <strong>Megy a menetrend szerinti alkudoz\u00e1s a vacsor\u00e1n, a mese hossz\u00e1n, a f\u00fcrd\u00e9sen...<\/strong> Hogy mennyit kell m\u00e9g oviba menni, \u00e9s mi\u00e9rt n\u00e9gyet, \u00e9s milyen sok az a n\u00e9gy, \u00e9s mikor lesz\u00fcnk m\u00e1r megint egy\u00fctt eg\u00e9sz h\u00e9tv\u00e9g\u00e9n... \u00c9s csak nem b\u00edr elj\u00f6nni egyetlen perc, amit csak neki adhatok, annak a 32 \u00e9ves, \u00e9letvid\u00e1m n\u0151nek...<\/p>\r\n<p style=\"padding-left: 30px\">De este, \u00edg\u00e9rem, neki gy\u00fajtom meg a f\u00fcst\u00f6l\u0151t \u00e9s egy gyerty\u00e1t... Nem tudom, ki lehetett, mi\u00e9rt tette, \u00e9s ki gy\u00e1szolja... De t\u0151lem kap egy gondolatot, n\u00e9h\u00e1ny percet, egy poh\u00e1r bort, amit r\u00e1 emelek majd gondolatban.<br \/><br \/><br \/><img class=\"aligncenter size-large wp-image-503\" src=\"https:\/\/koteltanc.cafeblog.hu\/files\/2017\/06\/couple-1838783_640-515x600.jpg\" alt=\"\" width=\"515\" height=\"600\" \/><\/p>\r\n<p style=\"padding-left: 30px\"><br \/>Biztos sok bar\u00e1tn\u0151je irigyelte a szinglis\u00e9g\u00e9t, egyed\u00fcll\u00e9t\u00e9t... <strong>Tudod, j\u00f3 dolog \u00e1m, \u00f6n\u00e1ll\u00f3nak lenni, mert senki sem piszk\u00e1l, senki sem idom\u00edt vagy parancsolgat. Senki sem ugr\u00e1ltat, nem sz\u00f3l be, nyugi van \u00e9s b\u00e9ke, mert a magunk kis sziget\u00e9n a mi szab\u00e1lyaink szerint tudunk \u00e9lni.<\/strong> Csak... most iszony\u00faan hi\u00e1nyzik egy \u00f6lel\u00e9s, egy v\u00e1ll, akihez odab\u00fajhatn\u00e9k, \u00e9s <strong>egy k\u00e9z, akinek a szor\u00edt\u00e1sa csak annyit mondana:<\/strong> <em>\"ne haragudj, de nem tudok ehhez hozz\u00e1tenni sokat, f\u00e9rfi vagyok, zavarba hoz a t\u00e9ma, de itt vagyok veled, \u00e9s igen,<strong> tudom, hogy most megr\u00e1zott, hogy 32 \u00e9ves, \u00e9letvid\u00e1m n\u0151 vagy, \u00e9rz\u00e9keny l\u00e9lekkel, meg erk\u00e9llyel, de \u00edg\u00e9rem, fogom a kezed, \u00e9s megl\u00e1tod, nem kell t\u00f6bb\u00e9 leeresztett red\u0151nnyel aludnod, s\u0151t, ki\u00fcl\u00f6k veled a teraszra<\/strong>, hogy hallgassunk kicsit csak \u00fagy, egy\u00fctt... Melletted leszek, <strong>b\u0151gj\u00e9l nyugodtan, nem zavar. Ha t\u00e9ged sem zavar, hogy \u00e9n nem tudok b\u0151gni, csak a kezem izzad att\u00f3l, hogy ilyen tehetetlen vagyok..<\/strong>. De hidd el, ha izzadt k\u00e9zzel is, de fogom a ti\u00e9det, \u00e9s <strong>akkor sem engedem el, ha valamelyik\u00fcnk \u00e9ppen \u00e9g \u00e9s f\u00f6ld k\u00f6z\u00f6tt l\u00f3g, lebeg - k\u00f6t\u00e9lt\u00e1ncol...<\/strong> \u00c9n ezt nem tudom kimondani. De foglak. \u00c9s nem engedlek el, \u00edg\u00e9rem. Te, \u00e9letvid\u00e1m, 32 \u00e9ves... Ne f\u00e9lj, m\u00e1r csak egy h\u00f3nap, \u00e9s mosolyg\u00f3s 33 \u00e9ves leszel... Minden rendben van, rendben lesz.\"<\/em><\/p>\r\n<p style=\"padding-left: 30px\">Nekem most egy pici k\u00e9z mondja ennek t\u00f6red\u00e9k\u00e9t, de hatalmas szeretettel. \u00c9s v\u00e9gtelen\u00fcl h\u00e1l\u00e1s vagyok az\u00e9rt a kis pracli\u00e9rt. A nagy k\u00e9z meg, a m\u00e1sik kezem p\u00e1rja, csak meg\u00e9rkezik egyszer.<\/p>\r\n<p style=\"padding-left: 30px\">Addig is <strong>meggy\u00fajtom a f\u00fcst\u00f6l\u0151t... Gy\u00fajts meg egyet Te, is, k\u00e9rlek... Engedj\u00fck el egy\u00fctt azt a l\u00e1nyt, aki ma ennyire rem\u00e9nytelen\u00fcl cs\u00fcggedt \u00e9s mag\u00e1nyos volt. Legal\u00e1bb \u00fatra kelnie ne kelljen egyed\u00fcl...<\/strong><\/p>\r\n<p style=\"padding-left: 30px\"><em>K\u00e9rlek, ha azt l\u00e1tod, hogy egy bar\u00e1tod, ismer\u0151s\u00f6d, rokonod ak\u00e1r f\u00e9l sz\u00f3val is arra utal, hogy baj lehet, ne engedd el a kez\u00e9t. Seg\u00edts neki igaz\u00e1n. Felel\u0151ss\u00e9ggel, ne f\u00e9lv\u00e1llr\u00f3l, hanem eg\u00e9szen.\u00a0<br \/><br \/><\/em><\/p>\r\n<p style=\"padding-left: 30px\"><img class=\"aligncenter size-large wp-image-511\" src=\"https:\/\/koteltanc.cafeblog.hu\/files\/2017\/06\/smoke-1830840_640-600x399.jpg\" alt=\"\" width=\"600\" height=\"399\" \/><\/p>","type":"rich","thumbnail_url":"https:\/\/koteltanc.cafeblog.hu\/files\/2017\/06\/fashion-2333301_640-150x150.jpg","thumbnail_width":150,"thumbnail_height":150}